{"id":15,"date":"2016-02-05T15:29:57","date_gmt":"2016-02-05T14:29:57","guid":{"rendered":"http:\/\/conferences-institute.eu\/banque-privee\/?page_id=15"},"modified":"2017-02-01T14:34:41","modified_gmt":"2017-02-01T13:34:41","slug":"conference-2015","status":"publish","type":"page","link":"http:\/\/conferences-institute.eu\/banque-privee\/conference-2015\/","title":{"rendered":"Conf\u00e9rence 2015"},"content":{"rendered":"<h2><span style=\"color: #ff0000;\">Banque Priv\u00e9e 2015<\/span><\/h2>\n<p><a class=\"fasc-button fasc-size-medium fasc-type-glossy fasc-rounded-medium\" style=\"background-color: #c26b6b; color: #ffffff;\" href=\"http:\/\/conferences-institute.eu\/banque-privee\/wp-content\/uploads\/sites\/3\/2016\/02\/Arrow-Institute_Banque-Priv\u00e9e-2015_Programme.pdf\" target=\"_blank\" data-fasc-style=\"background-color:#c26b6b;color:#ffffff;\">Retrouvez le PDF ICI<\/a><\/p>\n<p><span style=\"color: #0000ff;\"><strong>Banquier priv\u00e9, m\u00e9tier d\u2019avenir ?<\/strong><\/span><\/p>\n<ul>\n<li><span style=\"color: #0000ff;\">Quels sont les enjeux de l\u2019activit\u00e9 de la Banque Priv\u00e9e\u00a0en France et \u00e0 l\u2019international ?<\/span><\/li>\n<li><span style=\"color: #0000ff;\">Quelle \u00e9volution des mod\u00e8les de Banques Priv\u00e9es ?<\/span><\/li>\n<li><span style=\"color: #0000ff;\">Le digital : ami ou ennemi du banquier priv\u00e9 ?<\/span><\/li>\n<li><span style=\"color: #0000ff;\">Comment augmenter l\u2019efficacit\u00e9 des Banquiers Priv\u00e9s ?<\/span><\/li>\n<li><span style=\"color: #0000ff;\">Comment satisfaire la client\u00e8le aujourd\u2019hui ?<\/span><\/li>\n<li><span style=\"color: #0000ff;\">La cr\u00e9ation de valeur pour une Banque Priv\u00e9e dans une\u00a0phase (durable) de taux bas<\/span><\/li>\n<\/ul>\n<p><strong><span style=\"color: #000000;\">Orateurs:<\/span><\/strong><\/p>\n<p><strong><span style=\"color: #000000;\">Patrice Henri, <\/span><\/strong><span style=\"color: #000000;\">Banque Martin Maurel<\/span><br \/>\n<strong><span style=\"color: #000000;\">Franck Bonin,\u00a0<\/span><\/strong><span style=\"color: #000000;\">Soci\u00e9t\u00e9 G\u00e9n\u00e9rale Private Banking,\u00a0<\/span><span style=\"color: #000000;\">France<\/span><br \/>\n<strong><span style=\"color: #000000;\">Philippe Baillot,\u00a0<\/span><\/strong><span style=\"color: #000000;\">Professeur Associ\u00e9 &#8211; Paris 2<\/span><br \/>\n<strong><span style=\"color: #000000;\">Philippe Bongrand,\u00a0<\/span><\/strong><span style=\"color: #000000;\">Oliver Wyman Zurich<\/span><br \/>\n<strong><span style=\"color: #000000;\">Cedric Coiquaud,\u00a0<\/span><\/strong><span style=\"color: #000000;\">Open Reply<\/span><br \/>\n<strong><span style=\"color: #000000;\">Pierre-Siffrein Guillet,\u00a0<\/span><\/strong><span style=\"color: #000000;\">SGG Luxembourg<\/span><\/p>\n<p><span style=\"color: #000000;\">Jeudi 21 mai 2015<\/span><br \/>\n<span style=\"color: #000000;\"><span style=\"color: #ff0000;\"><strong>08:30<\/strong> <\/span>Accueil des participants<\/span><br \/>\n<span style=\"color: #000000;\"><span style=\"color: #ff0000;\"><strong>09:00<\/strong><\/span> Quelle \u00e9volution des mod\u00e8les de Banques Priv\u00e9es ?<\/span><\/p>\n<ul>\n<li><span style=\"color: #000000;\">Les principales \u00e9volutions touchant le m\u00e9tier de la gestion priv\u00e9e sur la derni\u00e8re d\u00e9cennie<\/span><\/li>\n<li><span style=\"color: #000000;\">Les tendances pour la d\u00e9cennie \u00e0 venir<\/span><\/li>\n<li><span style=\"color: #000000;\">Les options d\u2019\u00e9volution du m\u00e9tier dans un environnement totalement nouveau<\/span><br \/>\n<span style=\"color: #000000;\">P<\/span><span style=\"color: #000000;\">atrice Henri, Pr\u00e9sident du Directoire \u2022 Banque Martin Maurel<\/span><\/li>\n<\/ul>\n<p><span style=\"color: #000000;\"><strong><span style=\"color: #ff0000;\">10:00<\/span><\/strong> Le digital : ami ou ennemi du banquier priv\u00e9 ?<\/span><\/p>\n<ul>\n<li><span style=\"color: #000000;\">Enjeu et perspective du mode relationnel<\/span><\/li>\n<li><span style=\"color: #000000;\">Impact sur la strat\u00e9gie commerciale<\/span><\/li>\n<li><span style=\"color: #000000;\">Confidentialit\u00e9 et s\u00e9curit\u00e9<\/span><br \/>\n<span style=\"color: #000000;\">Franck Bonin, Directeur Commercial \u2022 Soci\u00e9t\u00e9 G\u00e9n\u00e9rale Private Banking France<\/span><\/li>\n<\/ul>\n<p><span style=\"color: #000000;\"><strong><span style=\"color: #ff0000;\">11:00<\/span><\/strong> Pause-caf\u00e9<\/span><br \/>\n<span style=\"color: #000000;\"><strong><span style=\"color: #ff0000;\">11:30<\/span><\/strong> La cr\u00e9ation de valeur pour une Banque priv\u00e9e dans une phase (durable) de taux bas<\/span><\/p>\n<ul>\n<li><span style=\"color: #000000;\">Les \u00e9volutions induites par la courbe des taux<\/span><\/li>\n<li><span style=\"color: #000000;\">Les pistes de valeur ajout\u00e9e<\/span><\/li>\n<li><span style=\"color: #000000;\">Les changements appel\u00e9s<\/span><br \/>\n<span style=\"color: #000000;\">Philippe Baillot, Professeur associ\u00e9 \u2022 Paris 2<\/span><\/li>\n<\/ul>\n<p><span style=\"color: #000000;\"><strong><span style=\"color: #ff0000;\">12:30<\/span><\/strong> D\u00e9jeuner<\/span><br \/>\n<span style=\"color: #000000;\"><strong><span style=\"color: #ff0000;\">14:00<\/span><\/strong> Quelles sont les nouvelles tendances dans la Banque Priv\u00e9e ?<\/span><\/p>\n<ul>\n<li><span style=\"color: #000000;\">Au niveau strat\u00e9gie des banques (mouvements strat\u00e9giques des principaux acteurs)<\/span><\/li>\n<li><span style=\"color: #000000;\">Au niveau r\u00e9glementation (Conduct \/ MiFID 2)<\/span><\/li>\n<li><span style=\"color: #000000;\">Au niveau technologie<\/span><br \/>\n<span style=\"color: #000000;\">Philippe Bongrand, Partner Wealth Management \u2022 Oliver Wyman Zurich<\/span><\/li>\n<\/ul>\n<p><span style=\"color: #000000;\"><strong><span style=\"color: #ff0000;\">15:00<\/span><\/strong> Digitalisation d\u2019une banque de d\u00e9tail : Retour d\u2019Exp\u00e9rience<\/span><\/p>\n<ul>\n<li><span style=\"color: #000000;\">Digitalisation du Parcours Client<\/span><\/li>\n<li><span style=\"color: #000000;\">Processus &amp; enjeux de digitalisation<\/span><\/li>\n<li><span style=\"color: #000000;\">Dimension humaine: impacts sur Front &amp; Back-Offices<\/span><br \/>\n<span style=\"color: #000000;\">Cedric Coiquaud, France &amp; Benelux Director \u2022 Open Reply<\/span><\/li>\n<\/ul>\n<p><span style=\"color: #000000;\"><strong><span style=\"color: #ff0000;\">16:00<\/span><\/strong> Pause-caf\u00e9<\/span><br \/>\n<span style=\"color: #000000;\"><strong><span style=\"color: #ff0000;\">16:30<\/span><\/strong> Le Family Office concurrent ou outil au service du banquier priv\u00e9 ?<\/span><\/p>\n<ul>\n<li><span style=\"color: #000000;\">Interface entre les diff\u00e9rents professionnels (avocats, conseils, banquiers, \u2026) au service<\/span><br \/>\n<span style=\"color: #000000;\">des Familles<\/span><\/li>\n<li><span style=\"color: #000000;\">Les services offerts par le Family Office : diff\u00e9rences et synergies avec le banquier priv\u00e9<\/span><\/li>\n<li><span style=\"color: #000000;\">Les interactions entre banquier priv\u00e9 et Family Office dans la gestion d\u2019un patrimoine familial<\/span><br \/>\n<span style=\"color: #000000;\">Pierre-Siffrein Guillet, Family Office Services Leader \u2022 SGG Luxembourg<\/span><\/li>\n<\/ul>\n<p><span style=\"color: #000000;\"><strong><span style=\"color: #ff0000;\">17:30<\/span><\/strong> Fin de la conf\u00e9rence<\/span><\/p>\n<p>&nbsp;<\/p>\n<p><a class=\"fasc-button fasc-size-medium fasc-type-glossy fasc-rounded-medium\" style=\"background-color: #c26b6b; color: #ffffff;\" href=\"http:\/\/conferences-institute.eu\/banque-privee\/wp-content\/uploads\/sites\/3\/2016\/02\/Arrow-Institute_Banque-Priv\u00e9e-2015_Programme.pdf\" target=\"_blank\" data-fasc-style=\"background-color:#c26b6b;color:#ffffff;\">Retrouvez le PDF ICI<\/a><\/p>\n","protected":false},"excerpt":{"rendered":"<p>Banque Priv\u00e9e 2015 Retrouvez le PDF ICI Banquier priv\u00e9, m\u00e9tier d\u2019avenir ? Quels sont les enjeux de l\u2019activit\u00e9 de la Banque Priv\u00e9e\u00a0en France et \u00e0 l\u2019international ? Quelle \u00e9volution des mod\u00e8les de Banques Priv\u00e9es ? Le digital : ami ou ennemi du banquier priv\u00e9 ? Comment augmenter l\u2019efficacit\u00e9 des Banquiers Priv\u00e9s ? Comment satisfaire la <a href=\"http:\/\/conferences-institute.eu\/banque-privee\/conference-2015\/\" rel=\"nofollow\"><span class=\"sr-only\">En savoir plus surConf\u00e9rence 2015<\/span>[&hellip;]<\/a><\/p>\n","protected":false},"author":1,"featured_media":26,"parent":0,"menu_order":0,"comment_status":"closed","ping_status":"closed","template":"","meta":{"_monsterinsights_skip_tracking":false,"_monsterinsights_sitenote_active":false,"_monsterinsights_sitenote_note":"","_monsterinsights_sitenote_category":0,"footnotes":""},"class_list":["post-15","page","type-page","status-publish","has-post-thumbnail"],"yoast_head":"<!-- This site is optimized with the Yoast SEO plugin v27.4 - https:\/\/yoast.com\/product\/yoast-seo-wordpress\/ -->\n<title>Conf\u00e9rence 2015 - BANQUE PRIV\u00c9E<\/title>\n<meta name=\"robots\" content=\"index, follow, max-snippet:-1, max-image-preview:large, max-video-preview:-1\" \/>\n<link rel=\"canonical\" href=\"https:\/\/conferences-institute.eu\/banque-privee\/conference-2015\/\" \/>\n<meta property=\"og:locale\" content=\"fr_FR\" \/>\n<meta property=\"og:type\" content=\"article\" \/>\n<meta property=\"og:title\" content=\"Conf\u00e9rence 2015 - BANQUE PRIV\u00c9E\" \/>\n<meta property=\"og:description\" content=\"Banque Priv\u00e9e 2015 Retrouvez le PDF ICI Banquier priv\u00e9, m\u00e9tier d\u2019avenir ? Quels sont les enjeux de l\u2019activit\u00e9 de la Banque Priv\u00e9e\u00a0en France et \u00e0 l\u2019international ? Quelle \u00e9volution des mod\u00e8les de Banques Priv\u00e9es ? Le digital : ami ou ennemi du banquier priv\u00e9 ? Comment augmenter l\u2019efficacit\u00e9 des Banquiers Priv\u00e9s ? Comment satisfaire la En savoir plus surConf\u00e9rence 2015[&hellip;]\" \/>\n<meta property=\"og:url\" content=\"https:\/\/conferences-institute.eu\/banque-privee\/conference-2015\/\" \/>\n<meta property=\"og:site_name\" content=\"BANQUE PRIV\u00c9E\" \/>\n<meta property=\"article:modified_time\" content=\"2017-02-01T13:34:41+00:00\" \/>\n<meta property=\"og:image\" content=\"https:\/\/conferences-institute.eu\/banque-privee\/wp-content\/uploads\/sites\/3\/2016\/02\/Banque-priv\u00e9e.jpeg\" \/>\n\t<meta property=\"og:image:width\" content=\"1920\" \/>\n\t<meta property=\"og:image:height\" content=\"1080\" \/>\n\t<meta property=\"og:image:type\" content=\"image\/jpeg\" \/>\n<meta name=\"twitter:card\" content=\"summary_large_image\" \/>\n<meta name=\"twitter:label1\" content=\"Dur\u00e9e de lecture estim\u00e9e\" \/>\n\t<meta name=\"twitter:data1\" content=\"2 minutes\" \/>\n<script type=\"application\/ld+json\" class=\"yoast-schema-graph\">{\"@context\":\"https:\\\/\\\/schema.org\",\"@graph\":[{\"@type\":\"WebPage\",\"@id\":\"https:\\\/\\\/conferences-institute.eu\\\/banque-privee\\\/conference-2015\\\/\",\"url\":\"https:\\\/\\\/conferences-institute.eu\\\/banque-privee\\\/conference-2015\\\/\",\"name\":\"Conf\u00e9rence 2015 - BANQUE PRIV\u00c9E\",\"isPartOf\":{\"@id\":\"https:\\\/\\\/conferences-institute.eu\\\/banque-privee\\\/#website\"},\"primaryImageOfPage\":{\"@id\":\"https:\\\/\\\/conferences-institute.eu\\\/banque-privee\\\/conference-2015\\\/#primaryimage\"},\"image\":{\"@id\":\"https:\\\/\\\/conferences-institute.eu\\\/banque-privee\\\/conference-2015\\\/#primaryimage\"},\"thumbnailUrl\":\"http:\\\/\\\/conferences-institute.eu\\\/banque-privee\\\/wp-content\\\/uploads\\\/sites\\\/3\\\/2016\\\/02\\\/Banque-priv\u00e9e.jpeg\",\"datePublished\":\"2016-02-05T14:29:57+00:00\",\"dateModified\":\"2017-02-01T13:34:41+00:00\",\"breadcrumb\":{\"@id\":\"https:\\\/\\\/conferences-institute.eu\\\/banque-privee\\\/conference-2015\\\/#breadcrumb\"},\"inLanguage\":\"fr-FR\",\"potentialAction\":[{\"@type\":\"ReadAction\",\"target\":[\"https:\\\/\\\/conferences-institute.eu\\\/banque-privee\\\/conference-2015\\\/\"]}]},{\"@type\":\"ImageObject\",\"inLanguage\":\"fr-FR\",\"@id\":\"https:\\\/\\\/conferences-institute.eu\\\/banque-privee\\\/conference-2015\\\/#primaryimage\",\"url\":\"http:\\\/\\\/conferences-institute.eu\\\/banque-privee\\\/wp-content\\\/uploads\\\/sites\\\/3\\\/2016\\\/02\\\/Banque-priv\u00e9e.jpeg\",\"contentUrl\":\"http:\\\/\\\/conferences-institute.eu\\\/banque-privee\\\/wp-content\\\/uploads\\\/sites\\\/3\\\/2016\\\/02\\\/Banque-priv\u00e9e.jpeg\",\"width\":1920,\"height\":1080},{\"@type\":\"BreadcrumbList\",\"@id\":\"https:\\\/\\\/conferences-institute.eu\\\/banque-privee\\\/conference-2015\\\/#breadcrumb\",\"itemListElement\":[{\"@type\":\"ListItem\",\"position\":1,\"name\":\"Accueil\",\"item\":\"https:\\\/\\\/conferences-institute.eu\\\/banque-privee\\\/\"},{\"@type\":\"ListItem\",\"position\":2,\"name\":\"Conf\u00e9rence 2015\"}]},{\"@type\":\"WebSite\",\"@id\":\"https:\\\/\\\/conferences-institute.eu\\\/banque-privee\\\/#website\",\"url\":\"https:\\\/\\\/conferences-institute.eu\\\/banque-privee\\\/\",\"name\":\"BANQUE PRIV\u00c9E\",\"description\":\"\",\"potentialAction\":[{\"@type\":\"SearchAction\",\"target\":{\"@type\":\"EntryPoint\",\"urlTemplate\":\"https:\\\/\\\/conferences-institute.eu\\\/banque-privee\\\/?s={search_term_string}\"},\"query-input\":{\"@type\":\"PropertyValueSpecification\",\"valueRequired\":true,\"valueName\":\"search_term_string\"}}],\"inLanguage\":\"fr-FR\"}]}<\/script>\n<!-- \/ Yoast SEO plugin. -->","yoast_head_json":{"title":"Conf\u00e9rence 2015 - BANQUE PRIV\u00c9E","robots":{"index":"index","follow":"follow","max-snippet":"max-snippet:-1","max-image-preview":"max-image-preview:large","max-video-preview":"max-video-preview:-1"},"canonical":"https:\/\/conferences-institute.eu\/banque-privee\/conference-2015\/","og_locale":"fr_FR","og_type":"article","og_title":"Conf\u00e9rence 2015 - BANQUE PRIV\u00c9E","og_description":"Banque Priv\u00e9e 2015 Retrouvez le PDF ICI Banquier priv\u00e9, m\u00e9tier d\u2019avenir ? Quels sont les enjeux de l\u2019activit\u00e9 de la Banque Priv\u00e9e\u00a0en France et \u00e0 l\u2019international ? Quelle \u00e9volution des mod\u00e8les de Banques Priv\u00e9es ? Le digital : ami ou ennemi du banquier priv\u00e9 ? Comment augmenter l\u2019efficacit\u00e9 des Banquiers Priv\u00e9s ? Comment satisfaire la En savoir plus surConf\u00e9rence 2015[&hellip;]","og_url":"https:\/\/conferences-institute.eu\/banque-privee\/conference-2015\/","og_site_name":"BANQUE PRIV\u00c9E","article_modified_time":"2017-02-01T13:34:41+00:00","og_image":[{"width":1920,"height":1080,"url":"https:\/\/conferences-institute.eu\/banque-privee\/wp-content\/uploads\/sites\/3\/2016\/02\/Banque-priv\u00e9e.jpeg","type":"image\/jpeg"}],"twitter_card":"summary_large_image","twitter_misc":{"Dur\u00e9e de lecture estim\u00e9e":"2 minutes"},"schema":{"@context":"https:\/\/schema.org","@graph":[{"@type":"WebPage","@id":"https:\/\/conferences-institute.eu\/banque-privee\/conference-2015\/","url":"https:\/\/conferences-institute.eu\/banque-privee\/conference-2015\/","name":"Conf\u00e9rence 2015 - BANQUE PRIV\u00c9E","isPartOf":{"@id":"https:\/\/conferences-institute.eu\/banque-privee\/#website"},"primaryImageOfPage":{"@id":"https:\/\/conferences-institute.eu\/banque-privee\/conference-2015\/#primaryimage"},"image":{"@id":"https:\/\/conferences-institute.eu\/banque-privee\/conference-2015\/#primaryimage"},"thumbnailUrl":"http:\/\/conferences-institute.eu\/banque-privee\/wp-content\/uploads\/sites\/3\/2016\/02\/Banque-priv\u00e9e.jpeg","datePublished":"2016-02-05T14:29:57+00:00","dateModified":"2017-02-01T13:34:41+00:00","breadcrumb":{"@id":"https:\/\/conferences-institute.eu\/banque-privee\/conference-2015\/#breadcrumb"},"inLanguage":"fr-FR","potentialAction":[{"@type":"ReadAction","target":["https:\/\/conferences-institute.eu\/banque-privee\/conference-2015\/"]}]},{"@type":"ImageObject","inLanguage":"fr-FR","@id":"https:\/\/conferences-institute.eu\/banque-privee\/conference-2015\/#primaryimage","url":"http:\/\/conferences-institute.eu\/banque-privee\/wp-content\/uploads\/sites\/3\/2016\/02\/Banque-priv\u00e9e.jpeg","contentUrl":"http:\/\/conferences-institute.eu\/banque-privee\/wp-content\/uploads\/sites\/3\/2016\/02\/Banque-priv\u00e9e.jpeg","width":1920,"height":1080},{"@type":"BreadcrumbList","@id":"https:\/\/conferences-institute.eu\/banque-privee\/conference-2015\/#breadcrumb","itemListElement":[{"@type":"ListItem","position":1,"name":"Accueil","item":"https:\/\/conferences-institute.eu\/banque-privee\/"},{"@type":"ListItem","position":2,"name":"Conf\u00e9rence 2015"}]},{"@type":"WebSite","@id":"https:\/\/conferences-institute.eu\/banque-privee\/#website","url":"https:\/\/conferences-institute.eu\/banque-privee\/","name":"BANQUE PRIV\u00c9E","description":"","potentialAction":[{"@type":"SearchAction","target":{"@type":"EntryPoint","urlTemplate":"https:\/\/conferences-institute.eu\/banque-privee\/?s={search_term_string}"},"query-input":{"@type":"PropertyValueSpecification","valueRequired":true,"valueName":"search_term_string"}}],"inLanguage":"fr-FR"}]}},"_links":{"self":[{"href":"http:\/\/conferences-institute.eu\/banque-privee\/wp-json\/wp\/v2\/pages\/15","targetHints":{"allow":["GET"]}}],"collection":[{"href":"http:\/\/conferences-institute.eu\/banque-privee\/wp-json\/wp\/v2\/pages"}],"about":[{"href":"http:\/\/conferences-institute.eu\/banque-privee\/wp-json\/wp\/v2\/types\/page"}],"author":[{"embeddable":true,"href":"http:\/\/conferences-institute.eu\/banque-privee\/wp-json\/wp\/v2\/users\/1"}],"replies":[{"embeddable":true,"href":"http:\/\/conferences-institute.eu\/banque-privee\/wp-json\/wp\/v2\/comments?post=15"}],"version-history":[{"count":4,"href":"http:\/\/conferences-institute.eu\/banque-privee\/wp-json\/wp\/v2\/pages\/15\/revisions"}],"predecessor-version":[{"id":38,"href":"http:\/\/conferences-institute.eu\/banque-privee\/wp-json\/wp\/v2\/pages\/15\/revisions\/38"}],"wp:featuredmedia":[{"embeddable":true,"href":"http:\/\/conferences-institute.eu\/banque-privee\/wp-json\/wp\/v2\/media\/26"}],"wp:attachment":[{"href":"http:\/\/conferences-institute.eu\/banque-privee\/wp-json\/wp\/v2\/media?parent=15"}],"curies":[{"name":"wp","href":"https:\/\/api.w.org\/{rel}","templated":true}]}}